{"id":522,"date":"2024-07-17T22:17:32","date_gmt":"2024-07-17T20:17:32","guid":{"rendered":"http:\/\/www.pp1pawlo.webd.pro\/new\/?page_id=522"},"modified":"2024-07-17T23:24:59","modified_gmt":"2024-07-17T21:24:59","slug":"nasza-historia","status":"publish","type":"page","link":"https:\/\/pp1pawlowice.pl\/?page_id=522","title":{"rendered":"Nasza historia"},"content":{"rendered":"\r\n<p class=\"has-text-align-center\"><span style=\"font-family: Times New Roman, serif;\"><span style=\"font-size: x-large;\"><b>Historia Publicznego Przedszkola nr 1 w Paw\u0142owicach <\/b><\/span><\/span><\/p>\r\n\r\n\r\n\r\n<p class=\"has-text-align-center\"><span style=\"font-family: Times New Roman, serif;\"><span style=\"font-size: x-large;\"><b>od roku 1938<\/b><\/span><\/span><\/p>\r\n\r\n\r\n\r\n<figure class=\"wp-block-table is-style-regular\"><\/figure>\r\n\r\n\r\n\r\n\n<table id=\"tablepress-8\" class=\"tablepress tablepress-id-8\">\n<tbody class=\"row-striping row-hover\">\n<tr class=\"row-1\">\n\t<td class=\"column-1\">1938-1939<\/td><td class=\"column-2\">Ochronka 1-oddzia\u0142owa w klasztorze Si\u00f3str S\u0142u\u017cebniczek NMP prowadzona przez siostr\u0119 Denot\u0119.<\/td>\n<\/tr>\n<tr class=\"row-2\">\n\t<td class=\"column-1\">1939-1945<\/td><td class=\"column-2\">Ochronka 1-oddzia\u0142owa w klasztorze; kierownik \u2013 p. Wanda Pawelec, opiekunka dzieci \u2013 p. Zofia Hein.<\/td>\n<\/tr>\n<tr class=\"row-3\">\n\t<td class=\"column-1\">1945-1951<\/td><td class=\"column-2\">Ochronka 1-oddzia\u0142owa w klasztorze prowadzona przez siostr\u0119 Notburg\u0119.<\/td>\n<\/tr>\n<tr class=\"row-4\">\n\t<td class=\"column-1\">1951-1961<\/td><td class=\"column-2\">Przedszkole \u015bwieckie w klasztorze; 1 oddzia\u0142, kierownik \u2013 p. Zuzanna Ochojska.<\/td>\n<\/tr>\n<tr class=\"row-5\">\n\t<td class=\"column-1\">1961-1963<\/td><td class=\"column-2\">Przedszkole \u015bwieckie w klasztorze; 1 oddzia\u0142, kierownik \u2013 p. Krystyna (nazwisko nieznane).<\/td>\n<\/tr>\n<tr class=\"row-6\">\n\t<td class=\"column-1\">1963-1969<\/td><td class=\"column-2\">Przedszkole znajduje si\u0119 w budynku przy ulicy Zjednoczenia 29 (obecnie 65).  Przedszkole 1-oddzia\u0142owe; kierownik \u2013 p. Tekla Sosna. <br \/>\nCz\u0119\u015b\u0107 pomieszcze\u0144 w budynku zaj\u0119ta przez szko\u0142\u0119.<\/td>\n<\/tr>\n<tr class=\"row-7\">\n\t<td class=\"column-1\">1969-1975<\/td><td class=\"column-2\">Pa\u0144stwowe Przedszkole; dyrektor \u2013 p. Stanis\u0142awa G\u0105go\u0142.  W przedszkolu istnieje 1 oddzia\u0142 5-godzinny. Pani Stanis\u0142awa G\u0105go\u0142 pe\u0142ni funkcje:<br \/>\ndyrektorki, nauczycielki i intendentki.  W chwili przeniesienia szko\u0142y do nowego budynku powsta\u0142y 2 oddzia\u0142y licz\u0105ce \u0142\u0105cznie 70 dzieci.<br \/>\nNauczycielki: p. Teresa Kwa\u015bniak i p. Anna Br\u0105czek.<\/td>\n<\/tr>\n<tr class=\"row-8\">\n\t<td class=\"column-1\">1975-1977<\/td><td class=\"column-2\">Stanowisko dyrektora pe\u0142ni p. Teresa Kwa\u015bniak.  Nauczycielki: p. El\u017cbieta Motyka i p. Maria Staniek.<\/td>\n<\/tr>\n<tr class=\"row-9\">\n\t<td class=\"column-1\">1977-1989<\/td><td class=\"column-2\">Stanowisko dyrektora pe\u0142ni p. Maria Staniek; w zale\u017cno\u015bci od roku r\u00f3\u017cna ilo\u015b\u0107 oddzia\u0142\u00f3w. Du\u017ca rotacja nauczycieli.<\/td>\n<\/tr>\n<tr class=\"row-10\">\n\t<td class=\"column-1\">1989-1994<\/td><td class=\"column-2\">Stanowisko dyrektora pe\u0142ni P. Barbara Noweta. 2 oddzia\u0142y mieszcz\u0105 si\u0119 w budynku przedszkola, 1 oddzia\u0142 w salce katechetycznej przy <br \/>\nparafii p.w. \u015bw. Jana Chrzciciela.<\/td>\n<\/tr>\n<tr class=\"row-11\">\n\t<td class=\"column-1\">1994-2017<\/td><td class=\"column-2\">Stanowisko dyrektora pe\u0142ni P. Barbara Noweta. W 1994 roku przedszkole zostaje przeniesione do nowego budynku, kt\u00f3rego fundatorem<br \/>\njest Samorz\u0105d Gminy Paw\u0142owice. Do roku 2012 liczba oddzia\u0142\u00f3w zwi\u0119ksza si\u0119 do 6. Do przedszkola ucz\u0119szcza 150 dzieci.<\/td>\n<\/tr>\n<tr class=\"row-12\">\n\t<td class=\"column-1\">2017-2022<\/td><td class=\"column-2\">Stanowisko dyrektora obejmuje p. Irena Potaczek.<\/td>\n<\/tr>\n<tr class=\"row-13\">\n\t<td class=\"column-1\">2019<\/td><td class=\"column-2\">W budynku przedszkola zostaje przeprowadzony generalny remont 4 \u0142azienek dla dzieci oraz wymiana okien w salach dydaktycznych.<\/td>\n<\/tr>\n<tr class=\"row-14\">\n\t<td class=\"column-1\">2020<\/td><td class=\"column-2\">Budynek przedszkola przechodzi generalny remont, w wyniku, kt\u00f3rego uzyskano dodatkow\u0105 sal\u0119 dydaktyczn\u0105, dzi\u0119ki czemu liczba<br \/>\noddzia\u0142\u00f3w zwi\u0119kszy\u0142a si\u0119 do 7. W zwi\u0105zku ze wzrostem liczebno\u015bci oddzia\u0142\u00f3w i dzieci powsta\u0142a nowoczesna kuchnia, w kt\u00f3rej umieszczono<br \/>\n10-poziomowy piec konwekcyjno-parowy oraz zmywalni\u0119 spe\u0142niaj\u0105c\u0105 aktualne wymogi sanitarne. Ponadto przebudowano szatni\u0119 dla<br \/>\ndzieci oraz odbudowano cz\u0119\u015b\u0107 administracyjn\u0105 plac\u00f3wki. Na parterze i pierwszym pi\u0119trze powsta\u0142y dwie nowe \u0142azienki. Budynek zosta\u0142<br \/>\ndostosowany do potrzeb os\u00f3b niepe\u0142nosprawnych: zewn\u0119trzna platform\u0119 oraz wewn\u0119trzn\u0105 wind\u0119 dla os\u00f3b niepe\u0142nosprawnych. Po<br \/>\nmodernizacji przedszkole nabra\u0142o nowoczesnego wygl\u0105du oraz zyska\u0142o wi\u0119cej przestrzeni i komfortu.<\/td>\n<\/tr>\n<tr class=\"row-15\">\n\t<td class=\"column-1\">2022<\/td><td class=\"column-2\">Stanowisko dyrektora obejmuje p. Bo\u017cena Szulik. Zosta\u0142o utworzone stanowisko wicedyrektora, kt\u00f3re obj\u0119\u0142a p. Agata Kozie\u0142.<\/td>\n<\/tr>\n<\/tbody>\n<\/table>\n<!-- #tablepress-8 from cache -->\r\n","protected":false},"excerpt":{"rendered":"<p>Historia Publicznego Przedszkola nr 1 w Paw\u0142owicach od roku 1938<\/p>\n","protected":false},"author":1,"featured_media":0,"parent":0,"menu_order":0,"comment_status":"closed","ping_status":"closed","template":"","meta":{"_kad_post_transparent":"default","_kad_post_title":"default","_kad_post_layout":"default","_kad_post_sidebar_id":"","_kad_post_content_style":"default","_kad_post_vertical_padding":"default","_kad_post_feature":"","_kad_post_feature_position":"","_kad_post_header":false,"_kad_post_footer":false,"_kad_post_classname":"","footnotes":""},"class_list":["post-522","page","type-page","status-publish","hentry"],"yoast_head":"<!-- This site is optimized with the Yoast SEO plugin v27.3 - https:\/\/yoast.com\/product\/yoast-seo-wordpress\/ -->\n<title>Nasza historia - Publiczne Przedszkole nr. 1<\/title>\n<meta name=\"robots\" content=\"index, follow, max-snippet:-1, max-image-preview:large, max-video-preview:-1\" \/>\n<link rel=\"canonical\" href=\"https:\/\/pp1pawlowice.pl\/?page_id=522\" \/>\n<meta property=\"og:locale\" content=\"pl_PL\" \/>\n<meta property=\"og:type\" content=\"article\" \/>\n<meta property=\"og:title\" content=\"Nasza historia - Publiczne Przedszkole nr. 1\" \/>\n<meta property=\"og:description\" content=\"Historia Publicznego Przedszkola nr 1 w Paw\u0142owicach od roku 1938\" \/>\n<meta property=\"og:url\" content=\"https:\/\/pp1pawlowice.pl\/?page_id=522\" \/>\n<meta property=\"og:site_name\" content=\"Publiczne Przedszkole nr. 1\" \/>\n<meta property=\"article:modified_time\" content=\"2024-07-17T21:24:59+00:00\" \/>\n<meta name=\"twitter:card\" content=\"summary_large_image\" \/>\n<meta name=\"twitter:label1\" content=\"Szacowany czas czytania\" \/>\n\t<meta name=\"twitter:data1\" content=\"1 minuta\" \/>\n<script type=\"application\/ld+json\" class=\"yoast-schema-graph\">{\"@context\":\"https:\\\/\\\/schema.org\",\"@graph\":[{\"@type\":\"WebPage\",\"@id\":\"https:\\\/\\\/pp1pawlowice.pl\\\/?page_id=522\",\"url\":\"https:\\\/\\\/pp1pawlowice.pl\\\/?page_id=522\",\"name\":\"Nasza historia - Publiczne Przedszkole nr. 1\",\"isPartOf\":{\"@id\":\"https:\\\/\\\/pp1pawlowice.pl\\\/#website\"},\"datePublished\":\"2024-07-17T20:17:32+00:00\",\"dateModified\":\"2024-07-17T21:24:59+00:00\",\"breadcrumb\":{\"@id\":\"https:\\\/\\\/pp1pawlowice.pl\\\/?page_id=522#breadcrumb\"},\"inLanguage\":\"pl-PL\",\"potentialAction\":[{\"@type\":\"ReadAction\",\"target\":[\"https:\\\/\\\/pp1pawlowice.pl\\\/?page_id=522\"]}]},{\"@type\":\"BreadcrumbList\",\"@id\":\"https:\\\/\\\/pp1pawlowice.pl\\\/?page_id=522#breadcrumb\",\"itemListElement\":[{\"@type\":\"ListItem\",\"position\":1,\"name\":\"Strona g\u0142\u00f3wna\",\"item\":\"https:\\\/\\\/pp1pawlowice.pl\\\/\"},{\"@type\":\"ListItem\",\"position\":2,\"name\":\"Nasza historia\"}]},{\"@type\":\"WebSite\",\"@id\":\"https:\\\/\\\/pp1pawlowice.pl\\\/#website\",\"url\":\"https:\\\/\\\/pp1pawlowice.pl\\\/\",\"name\":\"Publiczne Przedszkole nr. 1\",\"description\":\"\",\"publisher\":{\"@id\":\"https:\\\/\\\/pp1pawlowice.pl\\\/#organization\"},\"potentialAction\":[{\"@type\":\"SearchAction\",\"target\":{\"@type\":\"EntryPoint\",\"urlTemplate\":\"https:\\\/\\\/pp1pawlowice.pl\\\/?s={search_term_string}\"},\"query-input\":{\"@type\":\"PropertyValueSpecification\",\"valueRequired\":true,\"valueName\":\"search_term_string\"}}],\"inLanguage\":\"pl-PL\"},{\"@type\":\"Organization\",\"@id\":\"https:\\\/\\\/pp1pawlowice.pl\\\/#organization\",\"name\":\"Publiczne Przedszkole nr. 1\",\"url\":\"https:\\\/\\\/pp1pawlowice.pl\\\/\",\"logo\":{\"@type\":\"ImageObject\",\"inLanguage\":\"pl-PL\",\"@id\":\"https:\\\/\\\/pp1pawlowice.pl\\\/#\\\/schema\\\/logo\\\/image\\\/\",\"url\":\"https:\\\/\\\/pp1pawlowice.pl\\\/wp-content\\\/uploads\\\/2024\\\/03\\\/logoPP1.png\",\"contentUrl\":\"https:\\\/\\\/pp1pawlowice.pl\\\/wp-content\\\/uploads\\\/2024\\\/03\\\/logoPP1.png\",\"width\":600,\"height\":552,\"caption\":\"Publiczne Przedszkole nr. 1\"},\"image\":{\"@id\":\"https:\\\/\\\/pp1pawlowice.pl\\\/#\\\/schema\\\/logo\\\/image\\\/\"}}]}<\/script>\n<!-- \/ Yoast SEO plugin. -->","yoast_head_json":{"title":"Nasza historia - Publiczne Przedszkole nr. 1","robots":{"index":"index","follow":"follow","max-snippet":"max-snippet:-1","max-image-preview":"max-image-preview:large","max-video-preview":"max-video-preview:-1"},"canonical":"https:\/\/pp1pawlowice.pl\/?page_id=522","og_locale":"pl_PL","og_type":"article","og_title":"Nasza historia - Publiczne Przedszkole nr. 1","og_description":"Historia Publicznego Przedszkola nr 1 w Paw\u0142owicach od roku 1938","og_url":"https:\/\/pp1pawlowice.pl\/?page_id=522","og_site_name":"Publiczne Przedszkole nr. 1","article_modified_time":"2024-07-17T21:24:59+00:00","twitter_card":"summary_large_image","twitter_misc":{"Szacowany czas czytania":"1 minuta"},"schema":{"@context":"https:\/\/schema.org","@graph":[{"@type":"WebPage","@id":"https:\/\/pp1pawlowice.pl\/?page_id=522","url":"https:\/\/pp1pawlowice.pl\/?page_id=522","name":"Nasza historia - Publiczne Przedszkole nr. 1","isPartOf":{"@id":"https:\/\/pp1pawlowice.pl\/#website"},"datePublished":"2024-07-17T20:17:32+00:00","dateModified":"2024-07-17T21:24:59+00:00","breadcrumb":{"@id":"https:\/\/pp1pawlowice.pl\/?page_id=522#breadcrumb"},"inLanguage":"pl-PL","potentialAction":[{"@type":"ReadAction","target":["https:\/\/pp1pawlowice.pl\/?page_id=522"]}]},{"@type":"BreadcrumbList","@id":"https:\/\/pp1pawlowice.pl\/?page_id=522#breadcrumb","itemListElement":[{"@type":"ListItem","position":1,"name":"Strona g\u0142\u00f3wna","item":"https:\/\/pp1pawlowice.pl\/"},{"@type":"ListItem","position":2,"name":"Nasza historia"}]},{"@type":"WebSite","@id":"https:\/\/pp1pawlowice.pl\/#website","url":"https:\/\/pp1pawlowice.pl\/","name":"Publiczne Przedszkole nr. 1","description":"","publisher":{"@id":"https:\/\/pp1pawlowice.pl\/#organization"},"potentialAction":[{"@type":"SearchAction","target":{"@type":"EntryPoint","urlTemplate":"https:\/\/pp1pawlowice.pl\/?s={search_term_string}"},"query-input":{"@type":"PropertyValueSpecification","valueRequired":true,"valueName":"search_term_string"}}],"inLanguage":"pl-PL"},{"@type":"Organization","@id":"https:\/\/pp1pawlowice.pl\/#organization","name":"Publiczne Przedszkole nr. 1","url":"https:\/\/pp1pawlowice.pl\/","logo":{"@type":"ImageObject","inLanguage":"pl-PL","@id":"https:\/\/pp1pawlowice.pl\/#\/schema\/logo\/image\/","url":"https:\/\/pp1pawlowice.pl\/wp-content\/uploads\/2024\/03\/logoPP1.png","contentUrl":"https:\/\/pp1pawlowice.pl\/wp-content\/uploads\/2024\/03\/logoPP1.png","width":600,"height":552,"caption":"Publiczne Przedszkole nr. 1"},"image":{"@id":"https:\/\/pp1pawlowice.pl\/#\/schema\/logo\/image\/"}}]}},"_links":{"self":[{"href":"https:\/\/pp1pawlowice.pl\/index.php?rest_route=\/wp\/v2\/pages\/522","targetHints":{"allow":["GET"]}}],"collection":[{"href":"https:\/\/pp1pawlowice.pl\/index.php?rest_route=\/wp\/v2\/pages"}],"about":[{"href":"https:\/\/pp1pawlowice.pl\/index.php?rest_route=\/wp\/v2\/types\/page"}],"author":[{"embeddable":true,"href":"https:\/\/pp1pawlowice.pl\/index.php?rest_route=\/wp\/v2\/users\/1"}],"replies":[{"embeddable":true,"href":"https:\/\/pp1pawlowice.pl\/index.php?rest_route=%2Fwp%2Fv2%2Fcomments&post=522"}],"version-history":[{"count":11,"href":"https:\/\/pp1pawlowice.pl\/index.php?rest_route=\/wp\/v2\/pages\/522\/revisions"}],"predecessor-version":[{"id":557,"href":"https:\/\/pp1pawlowice.pl\/index.php?rest_route=\/wp\/v2\/pages\/522\/revisions\/557"}],"wp:attachment":[{"href":"https:\/\/pp1pawlowice.pl\/index.php?rest_route=%2Fwp%2Fv2%2Fmedia&parent=522"}],"curies":[{"name":"wp","href":"https:\/\/api.w.org\/{rel}","templated":true}]}}